{"id":9,"date":"2025-08-14T22:42:31","date_gmt":"2025-08-14T22:42:31","guid":{"rendered":"http:\/\/xqtutyr.cluster021.hosting.ovh.net\/?page_id=9"},"modified":"2025-10-15T21:23:43","modified_gmt":"2025-10-15T19:23:43","slug":"universite-de-la-paysannerie-de-la-lartisanat-cotentin","status":"publish","type":"page","link":"https:\/\/upacotentin.fr\/","title":{"rendered":"Accueil"},"content":{"rendered":"\n<div style=\"height:65px\" aria-hidden=\"true\" class=\"wp-block-spacer\"><\/div>\n\n\n\n<h1 class=\"wp-block-heading has-text-align-center\">Universit\u00e9 de la Paysannerie et de l&rsquo;Artisanat<br><em>&#8211; Cotentin &#8211;<\/em><\/h1>\n\n\n\n<div style=\"height:100px\" aria-hidden=\"true\" class=\"wp-block-spacer\"><\/div>\n\n\n\n<p>R\u00e9veiller les consciences pour stopper le&nbsp;<em>d\u00e9sempaysannement<\/em>&nbsp;du pays : c\u2019est le combat que nous menons au quotidien. Pr\u00e9occup\u00e9s par les probl\u00e9matiques politiques et \u00e9cologiques du monde actuel et convaincus qu\u2019une agriculture plus respectueuse de la terre et des individus qui la travaillent est possible, nous avons imagin\u00e9 l\u2019UPA Cotentin, l\u2019Universit\u00e9 de la Paysannerie et de l\u2019Artisanat, comme moyen de se d\u00e9faire de l\u2019emprise du syst\u00e8me capitalo-industriel qui tue les \u00ab petit-es paysan-nes \u00bb et qui participe \u00e0 la perte des savoir-faire artisanaux indispensables au travail quotidien dans une ferme.<\/p>\n\n\n\n<figure class=\"wp-block-image aligncenter size-large is-resized\"><img loading=\"lazy\" decoding=\"async\" width=\"1024\" height=\"768\" src=\"https:\/\/upacotentin.fr\/wp-content\/uploads\/2025\/08\/167-1024x768.jpg\" alt=\"\" class=\"wp-image-186\" style=\"width:890px;height:auto\" srcset=\"https:\/\/upacotentin.fr\/wp-content\/uploads\/2025\/08\/167-1024x768.jpg 1024w, https:\/\/upacotentin.fr\/wp-content\/uploads\/2025\/08\/167-300x225.jpg 300w, https:\/\/upacotentin.fr\/wp-content\/uploads\/2025\/08\/167-768x576.jpg 768w, https:\/\/upacotentin.fr\/wp-content\/uploads\/2025\/08\/167-1536x1152.jpg 1536w, https:\/\/upacotentin.fr\/wp-content\/uploads\/2025\/08\/167.jpg 1600w\" sizes=\"auto, (max-width: 1024px) 100vw, 1024px\" \/><\/figure>\n\n\n\n<div style=\"height:100px\" aria-hidden=\"true\" class=\"wp-block-spacer\"><\/div>\n\n\n\n<div class=\"wp-block-uagb-separator uagb-block-34975e4c\"><div class=\"wp-block-uagb-separator__inner\" style=\"--my-background-image:\"><\/div><\/div>\n\n\n\n<h2 class=\"wp-block-heading has-text-align-center\">Les derni\u00e8res actualit\u00e9s<\/h2>\n\n\n\n\t\t\t<div class=\"wp-block-uagb-post-carousel uagb-post-grid  uagb-post__image-position-top uagb-post__image-enabled uagb-block-ac9dbb74     uagb-post__arrow-outside uagb-slick-carousel uagb-post__items uagb-post__columns-3 is-carousel uagb-post__columns-tablet-2 uagb-post__columns-mobile-1\" data-total=\"2\" style=\"\">\n\n\t\t\t\t\t\t\t\t\t\t\t\t<article class=\"uagb-post__inner-wrap\">\t\t\t\t\t\t\t\t<div class='uagb-post__image'>\n\t\t\t\t\t\t\t\t\t<a href=\"https:\/\/upacotentin.fr\/index.php\/2026\/04\/27\/les-bases-de-la-boulangerie\/\" target=\"_self\" rel=\"bookmark noopener noreferrer\"><img loading=\"lazy\" decoding=\"async\" width=\"768\" height=\"578\" src=\"https:\/\/upacotentin.fr\/wp-content\/uploads\/2026\/04\/boulangerie-avril-2026-3-768x578.jpeg\" class=\"attachment-medium_large size-medium_large\" alt=\"\" srcset=\"https:\/\/upacotentin.fr\/wp-content\/uploads\/2026\/04\/boulangerie-avril-2026-3-768x578.jpeg 768w, https:\/\/upacotentin.fr\/wp-content\/uploads\/2026\/04\/boulangerie-avril-2026-3-300x226.jpeg 300w, https:\/\/upacotentin.fr\/wp-content\/uploads\/2026\/04\/boulangerie-avril-2026-3-1024x771.jpeg 1024w, https:\/\/upacotentin.fr\/wp-content\/uploads\/2026\/04\/boulangerie-avril-2026-3-1536x1157.jpeg 1536w, https:\/\/upacotentin.fr\/wp-content\/uploads\/2026\/04\/boulangerie-avril-2026-3.jpeg 2048w\" sizes=\"auto, (max-width: 768px) 100vw, 768px\" \/>\t\t\t\t\t<\/a>\n\t\t\t\t\t\t\t\t\t<\/div>\n\t\t\t\t\t\t<h4 class=\"uagb-post__title uagb-post__text\">\n\t\t\t\t<a href=\"https:\/\/upacotentin.fr\/index.php\/2026\/04\/27\/les-bases-de-la-boulangerie\/\" target=\"_self\" rel=\"bookmark noopener noreferrer\">Les bases de la boulangerie<\/a>\n\t\t\t<\/h4>\n\t\t\t\t\t\t<div class='uagb-post__text uagb-post-grid-byline'>\n\t\t\t\t\t\t\t\t<time datetime=\"2026-04-27T13:22:31+02:00\" class=\"uagb-post__date\">\n\t\t\t\t<span class=\"dashicons-calendar dashicons\"><\/span>\t\t\t\t\t27\/04\/2026\t\t\t\t<\/time>\n\t\t\t\t\t\t<\/div>\n\t\t\t\t\t\t\t<div class='uagb-post__text uagb-post__excerpt'>\n\t\t\t\t\t<p>L\u2019UPA met les mains dans la farine ! Avec Ma\u00eblla du Fournil des Petits Pas,&#8230;\t\t\t\t<\/div>\n\t\t\t\t\t\t<div class=\"uagb-post__text uagb-post__cta wp-block-button\">\n\t\t\t\t<a class=\"wp-block-button__link uagb-text-link\" style=\"\" href=\"https:\/\/upacotentin.fr\/index.php\/2026\/04\/27\/les-bases-de-la-boulangerie\/\" target=\"_self\" rel=\"bookmark noopener noreferrer\">Lire la suite<\/a>\n\t\t\t<\/div>\n\t\t\t\n\t\t\t\t\t\t\t\t\t<\/article>\n\t\t\t\t\t\t\t\t\t\t\t\t\t\t\t\t<article class=\"uagb-post__inner-wrap\">\t\t\t\t\t\t\t\t<div class='uagb-post__image'>\n\t\t\t\t\t\t\t\t\t<a href=\"https:\/\/upacotentin.fr\/index.php\/2026\/04\/20\/session-avril-2026-formation-dautoconstruction\/\" target=\"_self\" rel=\"bookmark noopener noreferrer\"><img loading=\"lazy\" decoding=\"async\" width=\"768\" height=\"960\" src=\"https:\/\/upacotentin.fr\/wp-content\/uploads\/2026\/04\/659639469_122130914373057462_2015704508615742825_n-768x960.jpg\" class=\"attachment-medium_large size-medium_large\" alt=\"\" srcset=\"https:\/\/upacotentin.fr\/wp-content\/uploads\/2026\/04\/659639469_122130914373057462_2015704508615742825_n-768x960.jpg 768w, https:\/\/upacotentin.fr\/wp-content\/uploads\/2026\/04\/659639469_122130914373057462_2015704508615742825_n-240x300.jpg 240w, https:\/\/upacotentin.fr\/wp-content\/uploads\/2026\/04\/659639469_122130914373057462_2015704508615742825_n-820x1024.jpg 820w, https:\/\/upacotentin.fr\/wp-content\/uploads\/2026\/04\/659639469_122130914373057462_2015704508615742825_n-1229x1536.jpg 1229w, https:\/\/upacotentin.fr\/wp-content\/uploads\/2026\/04\/659639469_122130914373057462_2015704508615742825_n.jpg 1639w\" sizes=\"auto, (max-width: 768px) 100vw, 768px\" \/>\t\t\t\t\t<\/a>\n\t\t\t\t\t\t\t\t\t<\/div>\n\t\t\t\t\t\t<h4 class=\"uagb-post__title uagb-post__text\">\n\t\t\t\t<a href=\"https:\/\/upacotentin.fr\/index.php\/2026\/04\/20\/session-avril-2026-formation-dautoconstruction\/\" target=\"_self\" rel=\"bookmark noopener noreferrer\">Session Avril 2026 &#8211; Formation d&rsquo;autoconstruction<\/a>\n\t\t\t<\/h4>\n\t\t\t\t\t\t<div class='uagb-post__text uagb-post-grid-byline'>\n\t\t\t\t\t\t\t\t<time datetime=\"2026-04-20T20:43:06+02:00\" class=\"uagb-post__date\">\n\t\t\t\t<span class=\"dashicons-calendar dashicons\"><\/span>\t\t\t\t\t20\/04\/2026\t\t\t\t<\/time>\n\t\t\t\t\t\t<\/div>\n\t\t\t\t\t\t\t<div class='uagb-post__text uagb-post__excerpt'>\n\t\t\t\t\t<p>Atelier autoconstruction \u00e0 l\u2019UPA : deux jours pour apprendre en pratiquant ! Cette semaine, dans&#8230;\t\t\t\t<\/div>\n\t\t\t\t\t\t<div class=\"uagb-post__text uagb-post__cta wp-block-button\">\n\t\t\t\t<a class=\"wp-block-button__link uagb-text-link\" style=\"\" href=\"https:\/\/upacotentin.fr\/index.php\/2026\/04\/20\/session-avril-2026-formation-dautoconstruction\/\" target=\"_self\" rel=\"bookmark noopener noreferrer\">Lire la suite<\/a>\n\t\t\t<\/div>\n\t\t\t\n\t\t\t\t\t\t\t\t\t<\/article>\n\t\t\t\t\t\t\t\t\t\t\t\t\t\t\t\t<article class=\"uagb-post__inner-wrap\">\t\t\t\t\t\t\t\t<div class='uagb-post__image'>\n\t\t\t\t\t\t\t\t\t<a href=\"https:\/\/upacotentin.fr\/index.php\/2026\/02\/03\/nouvelle-session-de-formation-avril-2026\/\" target=\"_self\" rel=\"bookmark noopener noreferrer\"><img loading=\"lazy\" decoding=\"async\" width=\"768\" height=\"1086\" src=\"https:\/\/upacotentin.fr\/wp-content\/uploads\/2026\/02\/Programme-et-planning-768x1086.png\" class=\"attachment-medium_large size-medium_large\" alt=\"\" srcset=\"https:\/\/upacotentin.fr\/wp-content\/uploads\/2026\/02\/Programme-et-planning-768x1086.png 768w, https:\/\/upacotentin.fr\/wp-content\/uploads\/2026\/02\/Programme-et-planning-212x300.png 212w, https:\/\/upacotentin.fr\/wp-content\/uploads\/2026\/02\/Programme-et-planning-724x1024.png 724w, https:\/\/upacotentin.fr\/wp-content\/uploads\/2026\/02\/Programme-et-planning-1086x1536.png 1086w, https:\/\/upacotentin.fr\/wp-content\/uploads\/2026\/02\/Programme-et-planning.png 1414w\" sizes=\"auto, (max-width: 768px) 100vw, 768px\" \/>\t\t\t\t\t<\/a>\n\t\t\t\t\t\t\t\t\t<\/div>\n\t\t\t\t\t\t<h4 class=\"uagb-post__title uagb-post__text\">\n\t\t\t\t<a href=\"https:\/\/upacotentin.fr\/index.php\/2026\/02\/03\/nouvelle-session-de-formation-avril-2026\/\" target=\"_self\" rel=\"bookmark noopener noreferrer\">Nouvelle session de formation &#8211; Avril 2026<\/a>\n\t\t\t<\/h4>\n\t\t\t\t\t\t<div class='uagb-post__text uagb-post-grid-byline'>\n\t\t\t\t\t\t\t\t<time datetime=\"2026-02-03T17:51:13+01:00\" class=\"uagb-post__date\">\n\t\t\t\t<span class=\"dashicons-calendar dashicons\"><\/span>\t\t\t\t\t03\/02\/2026\t\t\t\t<\/time>\n\t\t\t\t\t\t<\/div>\n\t\t\t\t\t\t\t<div class='uagb-post__text uagb-post__excerpt'>\n\t\t\t\t\t<p>La nouvelle ann\u00e9e est d\u00e9j\u00e0 bien entam\u00e9e et nous avons le plaisir de vous annoncer&#8230;\t\t\t\t<\/div>\n\t\t\t\t\t\t<div class=\"uagb-post__text uagb-post__cta wp-block-button\">\n\t\t\t\t<a class=\"wp-block-button__link uagb-text-link\" style=\"\" href=\"https:\/\/upacotentin.fr\/index.php\/2026\/02\/03\/nouvelle-session-de-formation-avril-2026\/\" target=\"_self\" rel=\"bookmark noopener noreferrer\">Lire la suite<\/a>\n\t\t\t<\/div>\n\t\t\t\n\t\t\t\t\t\t\t\t\t<\/article>\n\t\t\t\t\t\t\t\t\t\t\t\t\t\t\t\t<article class=\"uagb-post__inner-wrap\">\t\t\t\t\t\t\t\t<div class='uagb-post__image'>\n\t\t\t\t\t\t\t\t\t<a href=\"https:\/\/upacotentin.fr\/index.php\/2025\/10\/28\/bilan-et-perspectives-de-la-premiere-session-dexperimentation-de-lupa\/\" target=\"_self\" rel=\"bookmark noopener noreferrer\"><img loading=\"lazy\" decoding=\"async\" width=\"768\" height=\"960\" src=\"https:\/\/upacotentin.fr\/wp-content\/uploads\/2025\/10\/2025_10_24-Bilan-et-perspectives-sur-la-premiere-session-de-lupa-768x960.png\" class=\"attachment-medium_large size-medium_large\" alt=\"\" srcset=\"https:\/\/upacotentin.fr\/wp-content\/uploads\/2025\/10\/2025_10_24-Bilan-et-perspectives-sur-la-premiere-session-de-lupa-768x960.png 768w, https:\/\/upacotentin.fr\/wp-content\/uploads\/2025\/10\/2025_10_24-Bilan-et-perspectives-sur-la-premiere-session-de-lupa-240x300.png 240w, https:\/\/upacotentin.fr\/wp-content\/uploads\/2025\/10\/2025_10_24-Bilan-et-perspectives-sur-la-premiere-session-de-lupa-819x1024.png 819w, https:\/\/upacotentin.fr\/wp-content\/uploads\/2025\/10\/2025_10_24-Bilan-et-perspectives-sur-la-premiere-session-de-lupa.png 1080w\" sizes=\"auto, (max-width: 768px) 100vw, 768px\" \/>\t\t\t\t\t<\/a>\n\t\t\t\t\t\t\t\t\t<\/div>\n\t\t\t\t\t\t<h4 class=\"uagb-post__title uagb-post__text\">\n\t\t\t\t<a href=\"https:\/\/upacotentin.fr\/index.php\/2025\/10\/28\/bilan-et-perspectives-de-la-premiere-session-dexperimentation-de-lupa\/\" target=\"_self\" rel=\"bookmark noopener noreferrer\">Bilan et perspectives de la premi\u00e8re session d&rsquo;exp\u00e9rimentation de l&rsquo;UPA<\/a>\n\t\t\t<\/h4>\n\t\t\t\t\t\t<div class='uagb-post__text uagb-post-grid-byline'>\n\t\t\t\t\t\t\t\t<time datetime=\"2025-10-28T20:30:49+01:00\" class=\"uagb-post__date\">\n\t\t\t\t<span class=\"dashicons-calendar dashicons\"><\/span>\t\t\t\t\t28\/10\/2025\t\t\t\t<\/time>\n\t\t\t\t\t\t<\/div>\n\t\t\t\t\t\t\t<div class='uagb-post__text uagb-post__excerpt'>\n\t\t\t\t\t<p>Nous sommes\u00a0d\u00e9j\u00e0 \u00e0 la fin de la premi\u00e8re session d&rsquo;exp\u00e9rimentation de l&rsquo;UPA Cotentin et les&#8230;\t\t\t\t<\/div>\n\t\t\t\t\t\t<div class=\"uagb-post__text uagb-post__cta wp-block-button\">\n\t\t\t\t<a class=\"wp-block-button__link uagb-text-link\" style=\"\" href=\"https:\/\/upacotentin.fr\/index.php\/2025\/10\/28\/bilan-et-perspectives-de-la-premiere-session-dexperimentation-de-lupa\/\" target=\"_self\" rel=\"bookmark noopener noreferrer\">Lire la suite<\/a>\n\t\t\t<\/div>\n\t\t\t\n\t\t\t\t\t\t\t\t\t<\/article>\n\t\t\t\t\t\t\t\t\t\t\t\t\t\t\t\t<article class=\"uagb-post__inner-wrap\">\t\t\t\t\t\t\t\t<div class='uagb-post__image'>\n\t\t\t\t\t\t\t\t\t<a href=\"https:\/\/upacotentin.fr\/index.php\/2025\/10\/17\/presentation-et-echanges-autour-de-correspondances-paysannes\/\" target=\"_self\" rel=\"bookmark noopener noreferrer\"><img loading=\"lazy\" decoding=\"async\" width=\"768\" height=\"960\" src=\"https:\/\/upacotentin.fr\/wp-content\/uploads\/2025\/10\/20251015-Presentation-collective-du-journal-Correspindance-paysannes-format-publication-768x960.png\" class=\"attachment-medium_large size-medium_large\" alt=\"\" srcset=\"https:\/\/upacotentin.fr\/wp-content\/uploads\/2025\/10\/20251015-Presentation-collective-du-journal-Correspindance-paysannes-format-publication-768x960.png 768w, https:\/\/upacotentin.fr\/wp-content\/uploads\/2025\/10\/20251015-Presentation-collective-du-journal-Correspindance-paysannes-format-publication-240x300.png 240w, https:\/\/upacotentin.fr\/wp-content\/uploads\/2025\/10\/20251015-Presentation-collective-du-journal-Correspindance-paysannes-format-publication-819x1024.png 819w, https:\/\/upacotentin.fr\/wp-content\/uploads\/2025\/10\/20251015-Presentation-collective-du-journal-Correspindance-paysannes-format-publication.png 1080w\" sizes=\"auto, (max-width: 768px) 100vw, 768px\" \/>\t\t\t\t\t<\/a>\n\t\t\t\t\t\t\t\t\t<\/div>\n\t\t\t\t\t\t<h4 class=\"uagb-post__title uagb-post__text\">\n\t\t\t\t<a href=\"https:\/\/upacotentin.fr\/index.php\/2025\/10\/17\/presentation-et-echanges-autour-de-correspondances-paysannes\/\" target=\"_self\" rel=\"bookmark noopener noreferrer\">Pr\u00e9sentation et \u00e9changes autour de \u00ab\u00a0Correspondances paysannes\u00a0\u00bb<\/a>\n\t\t\t<\/h4>\n\t\t\t\t\t\t<div class='uagb-post__text uagb-post-grid-byline'>\n\t\t\t\t\t\t\t\t<time datetime=\"2025-10-17T09:49:37+02:00\" class=\"uagb-post__date\">\n\t\t\t\t<span class=\"dashicons-calendar dashicons\"><\/span>\t\t\t\t\t17\/10\/2025\t\t\t\t<\/time>\n\t\t\t\t\t\t<\/div>\n\t\t\t\t\t\t\t<div class='uagb-post__text uagb-post__excerpt'>\n\t\t\t\t\t\t\t\t\t<\/div>\n\t\t\t\t\t\t<div class=\"uagb-post__text uagb-post__cta wp-block-button\">\n\t\t\t\t<a class=\"wp-block-button__link uagb-text-link\" style=\"\" href=\"https:\/\/upacotentin.fr\/index.php\/2025\/10\/17\/presentation-et-echanges-autour-de-correspondances-paysannes\/\" target=\"_self\" rel=\"bookmark noopener noreferrer\">Lire la suite<\/a>\n\t\t\t<\/div>\n\t\t\t\n\t\t\t\t\t\t\t\t\t<\/article>\n\t\t\t\t\t\t\t\t\t\t\t\t\t\t\t\t<article class=\"uagb-post__inner-wrap\">\t\t\t\t\t\t\t\t<div class='uagb-post__image'>\n\t\t\t\t\t\t\t\t\t<a href=\"https:\/\/upacotentin.fr\/index.php\/2025\/10\/17\/reunion-publique-au-terminus-a-carteret\/\" target=\"_self\" rel=\"bookmark noopener noreferrer\"><img loading=\"lazy\" decoding=\"async\" width=\"768\" height=\"960\" src=\"https:\/\/upacotentin.fr\/wp-content\/uploads\/2025\/10\/2025_10_08-Affiche-reunion-public-du-16-octobre-1-1-768x960.png\" class=\"attachment-medium_large size-medium_large\" alt=\"\" srcset=\"https:\/\/upacotentin.fr\/wp-content\/uploads\/2025\/10\/2025_10_08-Affiche-reunion-public-du-16-octobre-1-1-768x960.png 768w, https:\/\/upacotentin.fr\/wp-content\/uploads\/2025\/10\/2025_10_08-Affiche-reunion-public-du-16-octobre-1-1-240x300.png 240w, https:\/\/upacotentin.fr\/wp-content\/uploads\/2025\/10\/2025_10_08-Affiche-reunion-public-du-16-octobre-1-1-819x1024.png 819w, https:\/\/upacotentin.fr\/wp-content\/uploads\/2025\/10\/2025_10_08-Affiche-reunion-public-du-16-octobre-1-1.png 1080w\" sizes=\"auto, (max-width: 768px) 100vw, 768px\" \/>\t\t\t\t\t<\/a>\n\t\t\t\t\t\t\t\t\t<\/div>\n\t\t\t\t\t\t<h4 class=\"uagb-post__title uagb-post__text\">\n\t\t\t\t<a href=\"https:\/\/upacotentin.fr\/index.php\/2025\/10\/17\/reunion-publique-au-terminus-a-carteret\/\" target=\"_self\" rel=\"bookmark noopener noreferrer\">R\u00e9union publique au Terminus \u00e0 Carteret<\/a>\n\t\t\t<\/h4>\n\t\t\t\t\t\t<div class='uagb-post__text uagb-post-grid-byline'>\n\t\t\t\t\t\t\t\t<time datetime=\"2025-10-17T09:43:47+02:00\" class=\"uagb-post__date\">\n\t\t\t\t<span class=\"dashicons-calendar dashicons\"><\/span>\t\t\t\t\t17\/10\/2025\t\t\t\t<\/time>\n\t\t\t\t\t\t<\/div>\n\t\t\t\t\t\t\t<div class='uagb-post__text uagb-post__excerpt'>\n\t\t\t\t\t\t\t\t\t<\/div>\n\t\t\t\t\t\t<div class=\"uagb-post__text uagb-post__cta wp-block-button\">\n\t\t\t\t<a class=\"wp-block-button__link uagb-text-link\" style=\"\" href=\"https:\/\/upacotentin.fr\/index.php\/2025\/10\/17\/reunion-publique-au-terminus-a-carteret\/\" target=\"_self\" rel=\"bookmark noopener noreferrer\">Lire la suite<\/a>\n\t\t\t<\/div>\n\t\t\t\n\t\t\t\t\t\t\t\t\t<\/article>\n\t\t\t\t\t\t\t\t\t\t\t<\/div>\n\t\t\t\n\n\n<div class=\"wp-block-uagb-separator uagb-block-f1a3a69b\"><div class=\"wp-block-uagb-separator__inner\" style=\"--my-background-image:\"><\/div><\/div>\n\n\n\n<div style=\"height:100px\" aria-hidden=\"true\" class=\"wp-block-spacer\"><\/div>\n\n\n\n<h2 class=\"wp-block-heading has-text-align-center\"><strong>L\u2019union fait la force !<\/strong><\/h2>\n\n\n\n<p>Si les objectifs de l\u2019UPA sont multiples, ils visent avant tout \u00e0 redonner aux m\u00e9tiers de l\u2019agriculture leurs lettres de noblesse et attirer ainsi les paysan-nes de demain. Lier paysannerie et artisanat c\u2019est mettre en avant des philosophies de travail et de production, \u00e0 rebours du productivisme, du consum\u00e9risme, de la standardisation. C\u2019est aussi permettre un \u00e9change f\u00e9cond entre des personnes dont les savoir-faire se compl\u00e8tent et s\u2019additionnent, dans l\u2019objectif de r\u00e9aliser une autonomie concr\u00e8te. Celle des paysan-nes, des artisan-es, et in fine de l\u2019ensemble de la population sur des domaines aussi essentiels et vari\u00e9s que l\u2019alimentation, l\u2019habitat, l\u2019habillement, &#8230;<\/p>\n\n\n\n<p>Pour ce faire,&nbsp;l\u2019UPA Cotentin&nbsp;propose une exp\u00e9rience collective o\u00f9 les travailleur-euses du monde agricole et les artisan-es, trop souvent isol\u00e9s et pourtant mus par la m\u00eame envie de lutter pour un monde meilleur, travaillent \u00e0 l\u2019unisson.&nbsp;Dans ce territoire gangren\u00e9 par les industries agro-alimentaires, le nucl\u00e9aire, et l\u2019armement, il est important de pouvoir donner des perspectives \u00e0 celles et ceux qui veulent mettre leurs comp\u00e9tences au service d\u2019un autre projet de soci\u00e9t\u00e9.<\/p>\n\n\n\n<p>Une telle approche peut en effet faire bouger les lignes et redonner&nbsp;espoir&nbsp;aux personnes qui r\u00eavent de se reconvertir dans le secteur&nbsp;de l\u2019agriculture, ou simplement donner un coup de main,&nbsp;mais qui ne s\u2019autorisent pas \u00e0 franchir le pas en raison de l\u2019image n\u00e9gative et de l\u2019isolement auxquels il est associ\u00e9.<\/p>\n\n\n\n<h2 class=\"wp-block-heading has-text-align-center\"><strong>D\u00e9cloisonner les savoirs<\/strong><\/h2>\n\n\n\n<p>Parce que, pour nous,&nbsp;\u00eatre mara\u00eecher-e&nbsp;ce n\u2019est pas juste planter&nbsp;et r\u00e9colter&nbsp;des l\u00e9gumes, il est important de proposer aux \u00e9tudiant-es une formation compl\u00e8te en immersion totale, afin qu\u2019ils aient une vision globale du m\u00e9tier et qu\u2019ils acqui\u00e8rent les diverses comp\u00e9tences n\u00e9cessaires au quotidien. Aux savoirs indispensables du volet paysan s\u2019ajoutent donc la d\u00e9couverte de savoir-faire artisanaux, de l\u2019\u00e9coconstruction&nbsp;de b\u00e2timent&nbsp;\u00e0 la transformation des produits&nbsp;(cuisine, conserverie, boulangerie, &#8230;)&nbsp;en passant par la m\u00e9tallurgie et la m\u00e9canique pour ne citer qu\u2019eux.<\/p>\n\n\n\n<p>L\u2019organisation de journ\u00e9es d\u2019\u00e9tude ou de tables rondes pour r\u00e9fl\u00e9chir ensemble aux moyens de relever les d\u00e9fis environnementaux, politiques et sociaux et ainsi de pouvoir p\u00e9renniser et d\u00e9velopper ce mod\u00e8le fait \u00e9galement partie int\u00e9grante du programme. Nous souhaitons encourager une agriculture qui se pense, qui s\u2019autonomise, qui lutte et entre dans un rapport de force visant \u00e0 la destruction pure et simple du mod\u00e8le agro-industriel et son monde.<\/p>\n\n\n\n<div class=\"wp-block-buttons is-content-justification-center is-layout-flex wp-container-core-buttons-is-layout-a89b3969 wp-block-buttons-is-layout-flex\">\n<div class=\"wp-block-button\"><a class=\"wp-block-button__link has-text-align-center wp-element-button\" href=\"https:\/\/upacotentin.fr\/index.php\/manifeste\/\" style=\"border-radius:30px\">Lire le manifeste de l&rsquo;UPA<\/a><\/div>\n<\/div>\n\n\n\n<figure class=\"wp-block-image aligncenter size-large is-resized\"><img loading=\"lazy\" decoding=\"async\" width=\"1920\" height=\"2560\" src=\"https:\/\/upacotentin.fr\/wp-content\/uploads\/2025\/08\/20241031_0933431-edited-scaled.jpg\" alt=\"\" class=\"wp-image-194\" style=\"width:824px;height:auto\" srcset=\"https:\/\/upacotentin.fr\/wp-content\/uploads\/2025\/08\/20241031_0933431-edited-scaled.jpg 1920w, https:\/\/upacotentin.fr\/wp-content\/uploads\/2025\/08\/20241031_0933431-edited-225x300.jpg 225w, https:\/\/upacotentin.fr\/wp-content\/uploads\/2025\/08\/20241031_0933431-edited-768x1024.jpg 768w, https:\/\/upacotentin.fr\/wp-content\/uploads\/2025\/08\/20241031_0933431-edited-1152x1536.jpg 1152w, https:\/\/upacotentin.fr\/wp-content\/uploads\/2025\/08\/20241031_0933431-edited-1536x2048.jpg 1536w\" sizes=\"auto, (max-width: 1920px) 100vw, 1920px\" \/><\/figure>\n\n\n\n<div class=\"wp-block-uagb-separator uagb-block-13c373e9\"><div class=\"wp-block-uagb-separator__inner\" style=\"--my-background-image:\"><\/div><\/div>\n\n\n\n<div style=\"height:55px\" aria-hidden=\"true\" class=\"wp-block-spacer\"><\/div>\n\n\n\n<h2 class=\"wp-block-heading has-text-align-center\">Se former \u00e0 l&rsquo;UPA<\/h2>\n\n\n\n<p class=\"has-text-align-center\">Le c\u0153ur d\u2019une formation \u00e0 l\u2019UPA, c\u2019est l\u2019acquisition d\u2019un savoir-faire paysan<br>et agricole auquel s\u2019allient les nombreux savoir-faire artisanaux<br>indispensables au travail quotidien dans une ferme.<\/p>\n\n\n\n<p><\/p>\n\n\n\n<div class=\"wp-block-columns is-layout-flex wp-container-core-columns-is-layout-28f84493 wp-block-columns-is-layout-flex\">\n<div class=\"wp-block-column is-layout-flow wp-block-column-is-layout-flow\">\n<h3 class=\"wp-block-heading\">Une formation agricole<\/h3>\n\n\n\n<p>Au moins l\u2019un des trois principaux domaines agricoles est explor\u00e9<br>pendant la formation : production mara\u00eech\u00e8re (planification des<br>cultures, pr\u00e9paration du sol, semis et plantation, travail en<br>p\u00e9pini\u00e8re, gestion des adventices et ravageurs, etc.), \u00e9levage<br>(porcin, ovin et bovin), production laiti\u00e8re, production c\u00e9r\u00e9ali\u00e8re,<br>sans oublier la gestion et l\u2019administration d\u2019une ferme.<\/p>\n<\/div>\n\n\n\n<div class=\"wp-block-column is-layout-flow wp-block-column-is-layout-flow\">\n<div class=\"wp-block-columns has-border-color is-layout-flex wp-container-core-columns-is-layout-0d2466c3 wp-block-columns-is-layout-flex\" style=\"border-color:#de1b1b8a;border-width:1px;border-radius:3px;padding-top:var(--wp--preset--spacing--20);padding-right:var(--wp--preset--spacing--20);padding-bottom:var(--wp--preset--spacing--20);padding-left:var(--wp--preset--spacing--20)\">\n<div class=\"wp-block-column is-layout-flow wp-block-column-is-layout-flow\">\n<figure class=\"wp-block-image size-full\"><img loading=\"lazy\" decoding=\"async\" width=\"562\" height=\"428\" src=\"https:\/\/upacotentin.fr\/wp-content\/uploads\/2025\/08\/Screenshot-2025-08-15-at-11.49.26.png\" alt=\"\" class=\"wp-image-56\" srcset=\"https:\/\/upacotentin.fr\/wp-content\/uploads\/2025\/08\/Screenshot-2025-08-15-at-11.49.26.png 562w, https:\/\/upacotentin.fr\/wp-content\/uploads\/2025\/08\/Screenshot-2025-08-15-at-11.49.26-300x228.png 300w\" sizes=\"auto, (max-width: 562px) 100vw, 562px\" \/><\/figure>\n\n\n\n<p class=\"has-text-align-center\" style=\"font-size:15px\"><em>Acqu\u00e9rir les techniques de<br>la production mara\u00eech\u00e8re<\/em><\/p>\n<\/div>\n\n\n\n<div class=\"wp-block-column is-layout-flow wp-block-column-is-layout-flow\">\n<figure class=\"wp-block-image size-large\"><img loading=\"lazy\" decoding=\"async\" width=\"1500\" height=\"1125\" src=\"https:\/\/upacotentin.fr\/wp-content\/uploads\/2025\/08\/pic_2-edited.jpg\" alt=\"\" class=\"wp-image-47\" srcset=\"https:\/\/upacotentin.fr\/wp-content\/uploads\/2025\/08\/pic_2-edited.jpg 1500w, https:\/\/upacotentin.fr\/wp-content\/uploads\/2025\/08\/pic_2-edited-300x225.jpg 300w, https:\/\/upacotentin.fr\/wp-content\/uploads\/2025\/08\/pic_2-edited-1024x768.jpg 1024w, https:\/\/upacotentin.fr\/wp-content\/uploads\/2025\/08\/pic_2-edited-768x576.jpg 768w\" sizes=\"auto, (max-width: 1500px) 100vw, 1500px\" \/><\/figure>\n\n\n\n<p class=\"has-text-align-center\" style=\"font-size:15px\"><em>Conna\u00eetre les circuits de<br>distribution des produits<\/em><\/p>\n<\/div>\n<\/div>\n<\/div>\n<\/div>\n\n\n\n<div class=\"wp-block-columns is-layout-flex wp-container-core-columns-is-layout-28f84493 wp-block-columns-is-layout-flex\">\n<div class=\"wp-block-column is-layout-flow wp-block-column-is-layout-flow\">\n<h3 class=\"wp-block-heading\">Des savoir-faire artisanaux<\/h3>\n\n\n\n<p>Une constellation de savoir-faire et de pratiques p\u00e9riph\u00e9riques<br>indispensables est dispens\u00e9e pendant la formation, de la<br>ma\u00e7onnerie \u00e0 l \u00e9lectro-m\u00e9canique en passant par l\u2019entretien du<br>mat\u00e9riel agricole. Les \u00e9tudiants b\u00e9n\u00e9ficient d\u2019une formation<br>culinaire afin d\u2019acqu\u00e9rir les comp\u00e9tences n\u00e9cessaires pour<br>transformer les l\u00e9gumes.<\/p>\n<\/div>\n\n\n\n<div class=\"wp-block-column is-layout-flow wp-block-column-is-layout-flow\">\n<div class=\"wp-block-columns has-border-color is-layout-flex wp-container-core-columns-is-layout-da2ae45d wp-block-columns-is-layout-flex\" style=\"border-color:#de1b1b8a;border-width:1px;border-radius:3px;padding-top:var(--wp--preset--spacing--20);padding-right:0.44rem;padding-bottom:var(--wp--preset--spacing--20);padding-left:0.44rem\">\n<div class=\"wp-block-column is-layout-flow wp-block-column-is-layout-flow\">\n<figure class=\"wp-block-image size-full\"><img loading=\"lazy\" decoding=\"async\" width=\"572\" height=\"430\" src=\"https:\/\/upacotentin.fr\/wp-content\/uploads\/2025\/08\/Screenshot-2025-08-15-at-22.31.35.png\" alt=\"\" class=\"wp-image-88\" srcset=\"https:\/\/upacotentin.fr\/wp-content\/uploads\/2025\/08\/Screenshot-2025-08-15-at-22.31.35.png 572w, https:\/\/upacotentin.fr\/wp-content\/uploads\/2025\/08\/Screenshot-2025-08-15-at-22.31.35-300x226.png 300w\" sizes=\"auto, (max-width: 572px) 100vw, 572px\" \/><\/figure>\n\n\n\n<p class=\"has-text-align-center\" style=\"font-size:15px\"><em>Cr\u00e9er des machines et des<br>outils sur mesure<\/em><\/p>\n<\/div>\n\n\n\n<div class=\"wp-block-column is-layout-flow wp-block-column-is-layout-flow\">\n<figure class=\"wp-block-image size-large\"><img loading=\"lazy\" decoding=\"async\" width=\"1066\" height=\"799\" src=\"https:\/\/upacotentin.fr\/wp-content\/uploads\/2025\/08\/pic_4-edited.jpg\" alt=\"\" class=\"wp-image-68\" srcset=\"https:\/\/upacotentin.fr\/wp-content\/uploads\/2025\/08\/pic_4-edited.jpg 1066w, https:\/\/upacotentin.fr\/wp-content\/uploads\/2025\/08\/pic_4-edited-300x225.jpg 300w, https:\/\/upacotentin.fr\/wp-content\/uploads\/2025\/08\/pic_4-edited-1024x768.jpg 1024w, https:\/\/upacotentin.fr\/wp-content\/uploads\/2025\/08\/pic_4-edited-768x576.jpg 768w\" sizes=\"auto, (max-width: 1066px) 100vw, 1066px\" \/><\/figure>\n\n\n\n<p class=\"has-text-align-center\" style=\"font-size:15px\"><em>Partager des savoir-faire<br>avec les artisans locaux<\/em><\/p>\n<\/div>\n<\/div>\n<\/div>\n<\/div>\n\n\n\n<div class=\"wp-block-columns is-layout-flex wp-container-core-columns-is-layout-28f84493 wp-block-columns-is-layout-flex\">\n<div class=\"wp-block-column is-layout-flow wp-block-column-is-layout-flow\">\n<h3 class=\"wp-block-heading\">Une formation th\u00e9orique<\/h3>\n\n\n\n<p>Des enseignements th\u00e9oriques permettent d\u2019\u00e9changer sur<br>l\u2019agriculture et ses d\u00e9fis. Lors de journ\u00e9es d\u2019\u00e9tudes ou de tables<br>rondes, les \u00e9tudiants engagent une r\u00e9flexion autour des enjeux<br>politiques et environnementaux, et d\u00e9finissent les actions \u00e0 mener<br>pour p\u00e9renniser ce mod\u00e8le plus respectueux de la terre et des<br>hommes qui la travaillent.<\/p>\n<\/div>\n\n\n\n<div class=\"wp-block-column is-layout-flow wp-block-column-is-layout-flow\">\n<div class=\"wp-block-columns has-border-color is-layout-flex wp-container-core-columns-is-layout-da2ae45d wp-block-columns-is-layout-flex\" style=\"border-color:#de1b1b8a;border-width:1px;border-radius:3px;padding-top:var(--wp--preset--spacing--20);padding-right:0.44rem;padding-bottom:var(--wp--preset--spacing--20);padding-left:0.44rem\">\n<div class=\"wp-block-column is-layout-flow wp-block-column-is-layout-flow\">\n<figure class=\"wp-block-image size-large\"><img loading=\"lazy\" decoding=\"async\" width=\"643\" height=\"429\" src=\"https:\/\/upacotentin.fr\/wp-content\/uploads\/2025\/08\/pic_5-edited-1.jpg\" alt=\"\" class=\"wp-image-77\" srcset=\"https:\/\/upacotentin.fr\/wp-content\/uploads\/2025\/08\/pic_5-edited-1.jpg 643w, https:\/\/upacotentin.fr\/wp-content\/uploads\/2025\/08\/pic_5-edited-1-300x200.jpg 300w\" sizes=\"auto, (max-width: 643px) 100vw, 643px\" \/><\/figure>\n\n\n\n<p class=\"has-text-align-center\" style=\"font-size:15px\"><em>Echanger lors de journ\u00e9es<br>d\u2019\u00e9tude<\/em><\/p>\n<\/div>\n\n\n\n<div class=\"wp-block-column is-layout-flow wp-block-column-is-layout-flow\">\n<figure class=\"wp-block-image size-full\"><img loading=\"lazy\" decoding=\"async\" width=\"514\" height=\"344\" src=\"https:\/\/upacotentin.fr\/wp-content\/uploads\/2025\/08\/Screenshot-2025-08-15-at-22.16.54.png\" alt=\"\" class=\"wp-image-78\" srcset=\"https:\/\/upacotentin.fr\/wp-content\/uploads\/2025\/08\/Screenshot-2025-08-15-at-22.16.54.png 514w, https:\/\/upacotentin.fr\/wp-content\/uploads\/2025\/08\/Screenshot-2025-08-15-at-22.16.54-300x201.png 300w\" sizes=\"auto, (max-width: 514px) 100vw, 514px\" \/><\/figure>\n\n\n\n<p class=\"has-text-align-center\" style=\"font-size:15px\"><em>Eveiller sa conscience<br>politique<\/em><\/p>\n<\/div>\n<\/div>\n<\/div>\n<\/div>\n\n\n\n<div class=\"wp-block-buttons is-content-justification-center is-layout-flex wp-container-core-buttons-is-layout-a89b3969 wp-block-buttons-is-layout-flex\">\n<div class=\"wp-block-button\"><a class=\"wp-block-button__link has-background wp-element-button\" href=\"https:\/\/upacotentin.fr\/index.php\/formations\/\" style=\"border-radius:30px;background-color:#dd1b1b\">Voir le programme de la prochaine formation<\/a><\/div>\n<\/div>\n\n\n\n<div style=\"height:55px\" aria-hidden=\"true\" class=\"wp-block-spacer\"><\/div>\n\n\n\n<div style=\"height:48px\" aria-hidden=\"true\" class=\"wp-block-spacer\"><\/div>\n\n\n\n<p><\/p>\n","protected":false},"excerpt":{"rendered":"<p>Universit\u00e9 de la Paysannerie et de l&rsquo;Artisanat&#8211; Cotentin &#8211; R\u00e9veiller les consciences pour stopper le&nbsp;d\u00e9sempaysannement&nbsp;du pays : c\u2019est le combat [&hellip;]<\/p>\n","protected":false},"author":1,"featured_media":206,"parent":0,"menu_order":0,"comment_status":"closed","ping_status":"closed","template":"","meta":{"_uag_custom_page_level_css":"","site-sidebar-layout":"default","site-content-layout":"","ast-site-content-layout":"default","site-content-style":"default","site-sidebar-style":"default","ast-global-header-display":"","ast-banner-title-visibility":"","ast-main-header-display":"","ast-hfb-above-header-display":"","ast-hfb-below-header-display":"","ast-hfb-mobile-header-display":"","site-post-title":"disabled","ast-breadcrumbs-content":"","ast-featured-img":"disabled","footer-sml-layout":"","theme-transparent-header-meta":"","adv-header-id-meta":"","stick-header-meta":"","header-above-stick-meta":"","header-main-stick-meta":"","header-below-stick-meta":"","astra-migrate-meta-layouts":"default","ast-page-background-enabled":"default","ast-page-background-meta":{"desktop":{"background-color":"var(--ast-global-color-5)","background-image":"","background-repeat":"repeat","background-position":"center center","background-size":"auto","background-attachment":"scroll","background-type":"","background-media":"","overlay-type":"","overlay-color":"","overlay-opacity":"","overlay-gradient":""},"tablet":{"background-color":"","background-image":"","background-repeat":"repeat","background-position":"center center","background-size":"auto","background-attachment":"scroll","background-type":"","background-media":"","overlay-type":"","overlay-color":"","overlay-opacity":"","overlay-gradient":""},"mobile":{"background-color":"","background-image":"","background-repeat":"repeat","background-position":"center center","background-size":"auto","background-attachment":"scroll","background-type":"","background-media":"","overlay-type":"","overlay-color":"","overlay-opacity":"","overlay-gradient":""}},"ast-content-background-meta":{"desktop":{"background-color":"var(--ast-global-color-4)","background-image":"","background-repeat":"repeat","background-position":"center center","background-size":"auto","background-attachment":"scroll","background-type":"","background-media":"","overlay-type":"","overlay-color":"","overlay-opacity":"","overlay-gradient":""},"tablet":{"background-color":"var(--ast-global-color-4)","background-image":"","background-repeat":"repeat","background-position":"center center","background-size":"auto","background-attachment":"scroll","background-type":"","background-media":"","overlay-type":"","overlay-color":"","overlay-opacity":"","overlay-gradient":""},"mobile":{"background-color":"var(--ast-global-color-4)","background-image":"","background-repeat":"repeat","background-position":"center center","background-size":"auto","background-attachment":"scroll","background-type":"","background-media":"","overlay-type":"","overlay-color":"","overlay-opacity":"","overlay-gradient":""}},"footnotes":""},"class_list":["post-9","page","type-page","status-publish","has-post-thumbnail","hentry"],"yoast_head":"<!-- This site is optimized with the Yoast SEO plugin v26.4 - https:\/\/yoast.com\/wordpress\/plugins\/seo\/ -->\n<title>Accueil - UPA Cotentin<\/title>\n<meta name=\"description\" content=\"R\u00e9veiller les consciences pour stopper le\u00a0d\u00e9sempaysannement\u00a0du pays : c\u2019est le combat que nous menons au quotidien.\" \/>\n<meta name=\"robots\" content=\"index, follow, max-snippet:-1, max-image-preview:large, max-video-preview:-1\" \/>\n<link rel=\"canonical\" href=\"https:\/\/upacotentin.fr\/\" \/>\n<meta property=\"og:locale\" content=\"fr_FR\" \/>\n<meta property=\"og:type\" content=\"article\" \/>\n<meta property=\"og:title\" content=\"Accueil - UPA Cotentin\" \/>\n<meta property=\"og:description\" content=\"R\u00e9veiller les consciences pour stopper le\u00a0d\u00e9sempaysannement\u00a0du pays : c\u2019est le combat que nous menons au quotidien.\" \/>\n<meta property=\"og:url\" content=\"https:\/\/upacotentin.fr\/\" \/>\n<meta property=\"og:site_name\" content=\"UPA Cotentin\" \/>\n<meta property=\"article:modified_time\" content=\"2025-10-15T19:23:43+00:00\" \/>\n<meta property=\"og:image\" content=\"https:\/\/upacotentin.fr\/wp-content\/uploads\/2025\/09\/Screenshot-2025-09-15-at-22.34.07.png\" \/>\n\t<meta property=\"og:image:width\" content=\"1446\" \/>\n\t<meta property=\"og:image:height\" content=\"1028\" \/>\n\t<meta property=\"og:image:type\" content=\"image\/png\" \/>\n<meta name=\"twitter:card\" content=\"summary_large_image\" \/>\n<meta name=\"twitter:label1\" content=\"Dur\u00e9e de lecture estim\u00e9e\" \/>\n\t<meta name=\"twitter:data1\" content=\"6 minutes\" \/>\n<script type=\"application\/ld+json\" class=\"yoast-schema-graph\">{\"@context\":\"https:\/\/schema.org\",\"@graph\":[{\"@type\":\"WebPage\",\"@id\":\"https:\/\/upacotentin.fr\/\",\"url\":\"https:\/\/upacotentin.fr\/\",\"name\":\"Accueil - UPA Cotentin\",\"isPartOf\":{\"@id\":\"https:\/\/upacotentin.fr\/#website\"},\"primaryImageOfPage\":{\"@id\":\"https:\/\/upacotentin.fr\/#primaryimage\"},\"image\":{\"@id\":\"https:\/\/upacotentin.fr\/#primaryimage\"},\"thumbnailUrl\":\"https:\/\/upacotentin.fr\/wp-content\/uploads\/2025\/09\/Screenshot-2025-09-15-at-22.34.07.png\",\"datePublished\":\"2025-08-14T22:42:31+00:00\",\"dateModified\":\"2025-10-15T19:23:43+00:00\",\"description\":\"R\u00e9veiller les consciences pour stopper le\u00a0d\u00e9sempaysannement\u00a0du pays : c\u2019est le combat que nous menons au quotidien.\",\"breadcrumb\":{\"@id\":\"https:\/\/upacotentin.fr\/#breadcrumb\"},\"inLanguage\":\"fr-FR\",\"potentialAction\":[{\"@type\":\"ReadAction\",\"target\":[\"https:\/\/upacotentin.fr\/\"]}]},{\"@type\":\"ImageObject\",\"inLanguage\":\"fr-FR\",\"@id\":\"https:\/\/upacotentin.fr\/#primaryimage\",\"url\":\"https:\/\/upacotentin.fr\/wp-content\/uploads\/2025\/09\/Screenshot-2025-09-15-at-22.34.07.png\",\"contentUrl\":\"https:\/\/upacotentin.fr\/wp-content\/uploads\/2025\/09\/Screenshot-2025-09-15-at-22.34.07.png\",\"width\":1446,\"height\":1028},{\"@type\":\"BreadcrumbList\",\"@id\":\"https:\/\/upacotentin.fr\/#breadcrumb\",\"itemListElement\":[{\"@type\":\"ListItem\",\"position\":1,\"name\":\"Accueil\",\"item\":\"https:\/\/upacotentin.fr\/\"},{\"@type\":\"ListItem\",\"position\":2,\"name\":\"Accueil\"}]},{\"@type\":\"WebSite\",\"@id\":\"https:\/\/upacotentin.fr\/#website\",\"url\":\"https:\/\/upacotentin.fr\/\",\"name\":\"UPA Cotentin\",\"description\":\"Universit\u00e9 de la Paysannerie et de l&#039;Artisanat - Cotentin\",\"publisher\":{\"@id\":\"https:\/\/upacotentin.fr\/#organization\"},\"potentialAction\":[{\"@type\":\"SearchAction\",\"target\":{\"@type\":\"EntryPoint\",\"urlTemplate\":\"https:\/\/upacotentin.fr\/?s={search_term_string}\"},\"query-input\":{\"@type\":\"PropertyValueSpecification\",\"valueRequired\":true,\"valueName\":\"search_term_string\"}}],\"inLanguage\":\"fr-FR\"},{\"@type\":\"Organization\",\"@id\":\"https:\/\/upacotentin.fr\/#organization\",\"name\":\"Universit\u00e9 de la paysannerie et de l'artisanat - Cotentin\",\"alternateName\":\"UPA Cotentin\",\"url\":\"https:\/\/upacotentin.fr\/\",\"logo\":{\"@type\":\"ImageObject\",\"inLanguage\":\"fr-FR\",\"@id\":\"https:\/\/upacotentin.fr\/#\/schema\/logo\/image\/\",\"url\":\"https:\/\/upacotentin.fr\/wp-content\/uploads\/2025\/08\/cropped-Logos-UPA-TRANSPARENT-2.png\",\"contentUrl\":\"https:\/\/upacotentin.fr\/wp-content\/uploads\/2025\/08\/cropped-Logos-UPA-TRANSPARENT-2.png\",\"width\":1165,\"height\":536,\"caption\":\"Universit\u00e9 de la paysannerie et de l'artisanat - Cotentin\"},\"image\":{\"@id\":\"https:\/\/upacotentin.fr\/#\/schema\/logo\/image\/\"}}]}<\/script>\n<!-- \/ Yoast SEO plugin. -->","yoast_head_json":{"title":"Accueil - UPA Cotentin","description":"R\u00e9veiller les consciences pour stopper le\u00a0d\u00e9sempaysannement\u00a0du pays : c\u2019est le combat que nous menons au quotidien.","robots":{"index":"index","follow":"follow","max-snippet":"max-snippet:-1","max-image-preview":"max-image-preview:large","max-video-preview":"max-video-preview:-1"},"canonical":"https:\/\/upacotentin.fr\/","og_locale":"fr_FR","og_type":"article","og_title":"Accueil - UPA Cotentin","og_description":"R\u00e9veiller les consciences pour stopper le\u00a0d\u00e9sempaysannement\u00a0du pays : c\u2019est le combat que nous menons au quotidien.","og_url":"https:\/\/upacotentin.fr\/","og_site_name":"UPA Cotentin","article_modified_time":"2025-10-15T19:23:43+00:00","og_image":[{"width":1446,"height":1028,"url":"https:\/\/upacotentin.fr\/wp-content\/uploads\/2025\/09\/Screenshot-2025-09-15-at-22.34.07.png","type":"image\/png"}],"twitter_card":"summary_large_image","twitter_misc":{"Dur\u00e9e de lecture estim\u00e9e":"6 minutes"},"schema":{"@context":"https:\/\/schema.org","@graph":[{"@type":"WebPage","@id":"https:\/\/upacotentin.fr\/","url":"https:\/\/upacotentin.fr\/","name":"Accueil - UPA Cotentin","isPartOf":{"@id":"https:\/\/upacotentin.fr\/#website"},"primaryImageOfPage":{"@id":"https:\/\/upacotentin.fr\/#primaryimage"},"image":{"@id":"https:\/\/upacotentin.fr\/#primaryimage"},"thumbnailUrl":"https:\/\/upacotentin.fr\/wp-content\/uploads\/2025\/09\/Screenshot-2025-09-15-at-22.34.07.png","datePublished":"2025-08-14T22:42:31+00:00","dateModified":"2025-10-15T19:23:43+00:00","description":"R\u00e9veiller les consciences pour stopper le\u00a0d\u00e9sempaysannement\u00a0du pays : c\u2019est le combat que nous menons au quotidien.","breadcrumb":{"@id":"https:\/\/upacotentin.fr\/#breadcrumb"},"inLanguage":"fr-FR","potentialAction":[{"@type":"ReadAction","target":["https:\/\/upacotentin.fr\/"]}]},{"@type":"ImageObject","inLanguage":"fr-FR","@id":"https:\/\/upacotentin.fr\/#primaryimage","url":"https:\/\/upacotentin.fr\/wp-content\/uploads\/2025\/09\/Screenshot-2025-09-15-at-22.34.07.png","contentUrl":"https:\/\/upacotentin.fr\/wp-content\/uploads\/2025\/09\/Screenshot-2025-09-15-at-22.34.07.png","width":1446,"height":1028},{"@type":"BreadcrumbList","@id":"https:\/\/upacotentin.fr\/#breadcrumb","itemListElement":[{"@type":"ListItem","position":1,"name":"Accueil","item":"https:\/\/upacotentin.fr\/"},{"@type":"ListItem","position":2,"name":"Accueil"}]},{"@type":"WebSite","@id":"https:\/\/upacotentin.fr\/#website","url":"https:\/\/upacotentin.fr\/","name":"UPA Cotentin","description":"Universit\u00e9 de la Paysannerie et de l&#039;Artisanat - Cotentin","publisher":{"@id":"https:\/\/upacotentin.fr\/#organization"},"potentialAction":[{"@type":"SearchAction","target":{"@type":"EntryPoint","urlTemplate":"https:\/\/upacotentin.fr\/?s={search_term_string}"},"query-input":{"@type":"PropertyValueSpecification","valueRequired":true,"valueName":"search_term_string"}}],"inLanguage":"fr-FR"},{"@type":"Organization","@id":"https:\/\/upacotentin.fr\/#organization","name":"Universit\u00e9 de la paysannerie et de l'artisanat - Cotentin","alternateName":"UPA Cotentin","url":"https:\/\/upacotentin.fr\/","logo":{"@type":"ImageObject","inLanguage":"fr-FR","@id":"https:\/\/upacotentin.fr\/#\/schema\/logo\/image\/","url":"https:\/\/upacotentin.fr\/wp-content\/uploads\/2025\/08\/cropped-Logos-UPA-TRANSPARENT-2.png","contentUrl":"https:\/\/upacotentin.fr\/wp-content\/uploads\/2025\/08\/cropped-Logos-UPA-TRANSPARENT-2.png","width":1165,"height":536,"caption":"Universit\u00e9 de la paysannerie et de l'artisanat - Cotentin"},"image":{"@id":"https:\/\/upacotentin.fr\/#\/schema\/logo\/image\/"}}]}},"uagb_featured_image_src":{"full":["https:\/\/upacotentin.fr\/wp-content\/uploads\/2025\/09\/Screenshot-2025-09-15-at-22.34.07.png",1446,1028,false],"thumbnail":["https:\/\/upacotentin.fr\/wp-content\/uploads\/2025\/09\/Screenshot-2025-09-15-at-22.34.07-150x150.png",150,150,true],"medium":["https:\/\/upacotentin.fr\/wp-content\/uploads\/2025\/09\/Screenshot-2025-09-15-at-22.34.07-300x213.png",300,213,true],"medium_large":["https:\/\/upacotentin.fr\/wp-content\/uploads\/2025\/09\/Screenshot-2025-09-15-at-22.34.07-768x546.png",768,546,true],"large":["https:\/\/upacotentin.fr\/wp-content\/uploads\/2025\/09\/Screenshot-2025-09-15-at-22.34.07-1024x728.png",1024,728,true],"1536x1536":["https:\/\/upacotentin.fr\/wp-content\/uploads\/2025\/09\/Screenshot-2025-09-15-at-22.34.07.png",1446,1028,false],"2048x2048":["https:\/\/upacotentin.fr\/wp-content\/uploads\/2025\/09\/Screenshot-2025-09-15-at-22.34.07.png",1446,1028,false]},"uagb_author_info":{"display_name":"Vincent","author_link":"https:\/\/upacotentin.fr\/index.php\/author\/admin4977\/"},"uagb_comment_info":0,"uagb_excerpt":"Universit\u00e9 de la Paysannerie et de l&rsquo;Artisanat&#8211; Cotentin &#8211; R\u00e9veiller les consciences pour stopper le&nbsp;d\u00e9sempaysannement&nbsp;du pays : c\u2019est le combat [&hellip;]","_links":{"self":[{"href":"https:\/\/upacotentin.fr\/index.php\/wp-json\/wp\/v2\/pages\/9","targetHints":{"allow":["GET"]}}],"collection":[{"href":"https:\/\/upacotentin.fr\/index.php\/wp-json\/wp\/v2\/pages"}],"about":[{"href":"https:\/\/upacotentin.fr\/index.php\/wp-json\/wp\/v2\/types\/page"}],"author":[{"embeddable":true,"href":"https:\/\/upacotentin.fr\/index.php\/wp-json\/wp\/v2\/users\/1"}],"replies":[{"embeddable":true,"href":"https:\/\/upacotentin.fr\/index.php\/wp-json\/wp\/v2\/comments?post=9"}],"version-history":[{"count":65,"href":"https:\/\/upacotentin.fr\/index.php\/wp-json\/wp\/v2\/pages\/9\/revisions"}],"predecessor-version":[{"id":297,"href":"https:\/\/upacotentin.fr\/index.php\/wp-json\/wp\/v2\/pages\/9\/revisions\/297"}],"wp:featuredmedia":[{"embeddable":true,"href":"https:\/\/upacotentin.fr\/index.php\/wp-json\/wp\/v2\/media\/206"}],"wp:attachment":[{"href":"https:\/\/upacotentin.fr\/index.php\/wp-json\/wp\/v2\/media?parent=9"}],"curies":[{"name":"wp","href":"https:\/\/api.w.org\/{rel}","templated":true}]}}